{"id":3,"date":"2023-05-04T10:48:41","date_gmt":"2023-05-04T10:48:41","guid":{"rendered":"https:\/\/impress-he.eu\/?page_id=3"},"modified":"2024-07-07T11:25:34","modified_gmt":"2024-07-07T11:25:34","slug":"privacy-policy","status":"publish","type":"page","link":"https:\/\/impress-he.eu\/pl\/privacy-policy\/","title":{"rendered":"Polityka prywatno\u015bci"},"content":{"rendered":"<div data-elementor-type=\"wp-page\" data-elementor-id=\"3\" class=\"elementor elementor-3\" data-elementor-post-type=\"page\">\n\t\t\t\t\t\t<section data-particle_enable=\"false\" data-particle-mobile-disabled=\"false\" class=\"elementor-section elementor-top-section elementor-element elementor-element-14f04574 elementor-section-boxed elementor-section-height-default elementor-section-height-default\" data-id=\"14f04574\" data-element_type=\"section\" data-e-type=\"section\">\n\t\t\t\t\t\t<div class=\"elementor-container elementor-column-gap-default\">\n\t\t\t\t\t<div class=\"elementor-column elementor-col-100 elementor-top-column elementor-element elementor-element-4b70c5a\" data-id=\"4b70c5a\" data-element_type=\"column\" data-e-type=\"column\">\n\t\t\t<div class=\"elementor-widget-wrap elementor-element-populated\">\n\t\t\t\t\t\t<div class=\"elementor-element elementor-element-4f254933 elementor-widget elementor-widget-text-editor\" data-id=\"4f254933\" data-element_type=\"widget\" data-e-type=\"widget\" data-widget_type=\"text-editor.default\">\n\t\t\t\t<div class=\"elementor-widget-container\">\n\t\t\t\t\t\t\t\t\t<h2><strong>Polityka prywatno\u015bci<\/strong><\/h2>\n<p>Niniejsza polityka prywatno\u015bci reguluje wykorzystanie danych osobowych przez projekt IMPRESS - projekt ten otrzyma\u0142 finansowanie z programu Unii Europejskiej Horyzont Europa w ramach umowy o dotacj\u0119 nr 101084437; komunikuj si\u0119 z nami za po\u015brednictwem poczty elektronicznej, telefonu, formularza kontaktowego dost\u0119pnego na stronie internetowej i naszych kana\u0142\u00f3w medi\u00f3w spo\u0142eczno\u015bciowych, np. LinkedIn, Twitter, Facebook, YouTube, SlideShare (zwanych dalej \u201ckana\u0142ami medi\u00f3w spo\u0142eczno\u015bciowych\u201d); lub kontaktuj si\u0119 z nami na targach i wydarzeniach.<\/p>\n<p>UWAGA: Je\u015bli chcesz uzyska\u0107 informacje na temat przetwarzania przez nas danych osobowych za pomoc\u0105 plik\u00f3w cookie w naszej Witrynie, zapoznaj si\u0119 z nasz\u0105 Polityk\u0105 dotycz\u0105c\u0105 plik\u00f3w cookie.<\/p>\n<h4><strong> Kto jest odpowiedzialny za przetwarzanie danych osobowych?<\/strong><\/h4>\n<p>1.1 Twoje dane osobowe s\u0105 przetwarzane przez Reframe.food, partnera w zakresie rozpowszechniania i komunikacji projektu IMPRESS - projekt ten otrzyma\u0142 finansowanie z programu Unii Europejskiej Horyzont Europa w ramach umowy o dotacj\u0119 nr 101084437. Mo\u017cna si\u0119 z nami skontaktowa\u0107 za po\u015brednictwem poczty elektronicznej pod adresem info@impress-he.eu.<\/p>\n<p>1.2 Reframe.food zastrzega sobie prawo do modyfikowania, zmieniania lub poprawiania niniejszej Polityki Prywatno\u015bci wed\u0142ug w\u0142asnego uznania i od czasu do czasu. Takie modyfikacje, zmiany lub poprawki b\u0119d\u0105 przekazywane za po\u015brednictwem Strony internetowej. W przypadku pyta\u0144 lub uwag dotycz\u0105cych modyfikacji, zmian lub poprawek, mo\u017cna nas o tym poinformowa\u0107, wysy\u0142aj\u0105c wiadomo\u015b\u0107 e-mail na adres info@impress-he.eu.<\/p>\n<h4><strong> Jakie kategorie danych osobowych przetwarzamy?<\/strong><\/h4>\n<p>2.1 Gdy u\u017cytkownik wype\u0142nia formularz kontaktowy na naszej stronie internetowej lub kontaktuje si\u0119 z nami za po\u015brednictwem poczty elektronicznej, telefonu lub kana\u0142\u00f3w medi\u00f3w spo\u0142eczno\u015bciowych, gromadzimy dane:<\/p>\n<ul>\n<li>podstawowe informacje dotycz\u0105ce to\u017csamo\u015bci, kt\u00f3re nam przekazujesz, takie jak imi\u0119 i nazwisko, adres e-mail, adres pocztowy, numer telefonu, firma, w kt\u00f3rej pracujesz, stanowisko;<\/li>\n<li>tre\u015b\u0107 komunikacji u\u017cytkownika i szczeg\u00f3\u0142y techniczne samej komunikacji (z kim u\u017cytkownik koresponduje, data i godzina itp.);<\/li>\n<li>preferencje u\u017cytkownika dotycz\u0105ce otrzymywania naszych wiadomo\u015bci e-mail, takich jak biuletyny, reklamy itp;<\/li>\n<li>elektroniczne dane identyfikacyjne, takie jak adres IP;<\/li>\n<li>publicznie dost\u0119pne informacje o profilu u\u017cytkownika w kana\u0142ach medi\u00f3w spo\u0142eczno\u015bciowych oraz wszelkie inne dane osobowe, kt\u00f3re u\u017cytkownik zdecyduje si\u0119 nam przekaza\u0107.<\/li>\n<\/ul>\n<p>2.2 Za ka\u017cdym razem, gdy u\u017cytkownik zostawia nam swoj\u0105 wizyt\u00f3wk\u0119 lub kontaktuje si\u0119 z nami podczas targ\u00f3w i wydarze\u0144, na kt\u00f3rych jeste\u015bmy obecni, mo\u017cemy gromadzi\u0107 dane:<\/p>\n<ul>\n<li>podstawowe informacje dotycz\u0105ce to\u017csamo\u015bci, kt\u00f3re nam przekazujesz, takie jak imi\u0119 i nazwisko, adres e-mail, adres pocztowy, numer telefonu, firma, w kt\u00f3rej pracujesz, pe\u0142niona funkcja (tj. gdy takie informacje s\u0105 dostarczane przez Ciebie lub widoczne na Twojej wizyt\u00f3wce);<\/li>\n<li>Tw\u00f3j wizerunek.<\/li>\n<\/ul>\n<h4><strong> W jakim celu wykorzystujemy dane osobowe u\u017cytkownik\u00f3w?<\/strong><\/h4>\n<p>3.1 Reframe.food przetwarza dane osobowe u\u017cytkownika w celu dostarczania mu w spersonalizowany i skuteczny spos\u00f3b informacji, produkt\u00f3w i\/lub us\u0142ug, o kt\u00f3re u\u017cytkownik prosi za po\u015brednictwem Strony internetowej, poczty elektronicznej, telefonu, kana\u0142\u00f3w medi\u00f3w spo\u0142eczno\u015bciowych oraz targ\u00f3w i wydarze\u0144.<\/p>\n<p>3.2 Reframe.food przetwarza dane osobowe u\u017cytkownika w celu komunikowania si\u0119 z nim w wyniku naszego kontaktu na targach i\/lub wydarzeniach lub w wyniku kontaktu za po\u015brednictwem Strony internetowej, poczty elektronicznej, telefonu lub jednego z naszych kana\u0142\u00f3w medi\u00f3w spo\u0142eczno\u015bciowych.<\/p>\n<p>3.3 Reframe.food przetwarza dane osobowe u\u017cytkownika w celu przeprowadzania analiz statystycznych, dzi\u0119ki kt\u00f3rym mo\u017cemy ulepsza\u0107 nasz\u0105 Stron\u0119 internetow\u0105, nasze produkty i us\u0142ugi lub opracowywa\u0107 nowe produkty i us\u0142ugi.<\/p>\n<p>3.4 Reframe.food przetwarza dane osobowe U\u017cytkownika w celu wype\u0142nienia zobowi\u0105za\u0144 prawnych lub spe\u0142nienia wszelkich uzasadnionych \u017c\u0105da\u0144 w\u0142a\u015bciwych organ\u00f3w \u015bcigania lub przedstawicieli, organ\u00f3w s\u0105dowych, agencji lub organ\u00f3w rz\u0105dowych, w tym w\u0142a\u015bciwych organ\u00f3w ochrony danych. Dane osobowe U\u017cytkownika mog\u0105 zosta\u0107 przekazane z w\u0142asnej inicjatywy Reframe.food policji lub organom s\u0105dowym jako dow\u00f3d lub w przypadku uzasadnionego podejrzenia pope\u0142nienia przez U\u017cytkownika czynu niezgodnego z prawem lub przest\u0119pstwa poprzez rejestracj\u0119 lub korzystanie z Witryny, naszych Kana\u0142\u00f3w medi\u00f3w spo\u0142eczno\u015bciowych lub inn\u0105 komunikacj\u0119 z nami.<\/p>\n<p>3.5 Reframe.\u017cywno\u015b\u0107 mo\u017ce przetwarza\u0107 dane osobowe u\u017cytkownika w celu ochrony uzasadnionych interes\u00f3w projektu IMPRESS, jego partner\u00f3w lub strony trzeciej, je\u015bli i kiedy rejestracja u\u017cytkownika na Stronie internetowej, w kana\u0142ach medi\u00f3w spo\u0142eczno\u015bciowych lub innych kana\u0142ach komunikacji lub korzystanie z nich mo\u017ce zosta\u0107 uznane za (a) naruszenie obowi\u0105zuj\u0105cych warunk\u00f3w u\u017cytkowania lub praw w\u0142asno\u015bci intelektualnej lub innych praw strony trzeciej, (b) zagro\u017cenie dla bezpiecze\u0144stwa lub integralno\u015bci Strony Internetowej, (c) zagro\u017cenie dla Strony Internetowej lub kt\u00f3regokolwiek z system\u00f3w bazowych IMPRESS project lub jego podwykonawc\u00f3w z powodu wirus\u00f3w, koni troja\u0144skich, oprogramowania szpieguj\u0105cego, z\u0142o\u015bliwego oprogramowania lub jakiejkolwiek innej formy z\u0142o\u015bliwego kodu, lub (d) w jakikolwiek spos\u00f3b nienawistne, obsceniczne, dyskryminuj\u0105ce, rasistowskie, oszczercze, z\u0142o\u015bliwe, krzywdz\u0105ce lub w jakikolwiek inny spos\u00f3b niew\u0142a\u015bciwe lub niezgodne z prawem.<\/p>\n<p>3.6 Reframe.food przetwarza dane osobowe u\u017cytkownika, o kt\u00f3rych mowa w punktach 2.1 i 2.2 powy\u017cej, w celach marketingowych, tj. w celu dostarczania u\u017cytkownikowi ukierunkowanych komunikat\u00f3w, promocji, ofert i innych reklam IMPRESS project i wybranych partner\u00f3w. IMPRESS project b\u0119dzie wysy\u0142a\u0107 u\u017cytkownikowi komunikaty, promocje, oferty, biuletyny i inne reklamy za po\u015brednictwem poczty elektronicznej lub innych osobistych kana\u0142\u00f3w komunikacji elektronicznej tylko wtedy, gdy u\u017cytkownik wyra\u017anie wyrazi\u0142 zgod\u0119 na otrzymywanie takich komunikat\u00f3w, biuletyn\u00f3w i innych reklam.<\/p>\n<h4><strong> Dlaczego przetwarzanie przez nas danych osobowych jest zgodne z prawem?<\/strong><\/h4>\n<p>4.1 W celu przetwarzania danych osobowych u\u017cytkownika w celach okre\u015blonych w punkcie 3.1 prosimy o wyra\u017cenie zgody.<\/p>\n<p>4.2 Przetwarzanie danych osobowych u\u017cytkownika w celu okre\u015blonym w punkcie 3.4 jest konieczne, aby umo\u017cliwi\u0107 IMPRESS project wywi\u0105zanie si\u0119 ze swoich zobowi\u0105za\u0144 prawnych.<\/p>\n<p>4.3 Przetwarzanie danych osobowych u\u017cytkownika w celach okre\u015blonych w punktach 3.2, 3.3 i 3.6 jest niezb\u0119dne do cel\u00f3w wynikaj\u0105cych z prawnie uzasadnionych interes\u00f3w projektu IMPRESS, kt\u00f3rymi s\u0105:<\/p>\n<ul>\n<li>mo\u017cliwo\u015b\u0107 odpowiedniego reagowania na pro\u015bby o informacje i inne \u017c\u0105dania;<\/li>\n<li>przekazywania danych osobowych naszym partnerom w ramach projektu IMPRESS w celu dostarczenia odpowiednich informacji;<\/li>\n<li>umo\u017cliwiaj\u0105c nam obron\u0119 w post\u0119powaniu s\u0105dowym;<\/li>\n<li>ci\u0105g\u0142e ulepszanie Witryny, naszych kana\u0142\u00f3w medi\u00f3w spo\u0142eczno\u015bciowych, produkt\u00f3w i us\u0142ug w celu zapewnienia u\u017cytkownikom jak najlepszych wra\u017ce\u0144;<\/li>\n<li>ochrona naszej strony internetowej, kana\u0142\u00f3w medi\u00f3w spo\u0142eczno\u015bciowych, produkt\u00f3w i us\u0142ug przed nadu\u017cyciami i nielegaln\u0105 dzia\u0142alno\u015bci\u0105;<\/li>\n<li>zabezpieczenie naszych interes\u00f3w handlowych i biznesowych oraz potrzeb w \u015bwietle zmieniaj\u0105cych si\u0119 warunk\u00f3w rynkowych.<\/li>\n<li>marketing i promocj\u0119 naszych produkt\u00f3w, us\u0142ug, marek i og\u00f3lnie udan\u0105 komercjalizacj\u0119 naszych produkt\u00f3w i us\u0142ug.<\/li>\n<\/ul>\n<p>4.4 Aby przetwarza\u0107 dane osobowe u\u017cytkownika w celach okre\u015blonych w punkcie 3.1, Reframe.food jako podmiot odpowiedzialny prosi o zgod\u0119 u\u017cytkownika. Wyra\u017caj\u0105c zgod\u0119 na przetwarzanie przez nas danych osobowych U\u017cytkownika w celu przesy\u0142ania mu komunikat\u00f3w, promocji, ofert, biuletyn\u00f3w i innych reklam za po\u015brednictwem poczty elektronicznej lub innych kana\u0142\u00f3w komunikacji elektronicznej, U\u017cytkownik wyra\u017ca zgod\u0119 na przetwarzanie przez nas jego danych osobowych w tym celu w spos\u00f3b i na warunkach okre\u015blonych w niniejszej Polityce prywatno\u015bci.<\/p>\n<h4><strong> Jakie s\u0105 nasze gwarancje jako\u015bci?<\/strong><\/h4>\n<p>5.1 Reframe.food dok\u0142ada wszelkich stara\u0144, aby przetwarza\u0107 tylko te dane osobowe, kt\u00f3re s\u0105 niezb\u0119dne do osi\u0105gni\u0119cia cel\u00f3w wymienionych w celu przetwarzania.<\/p>\n<p>5.2 Dane osobowe U\u017cytkownika s\u0105 przetwarzane tylko tak d\u0142ugo, jak jest to konieczne do cel\u00f3w wymienionych powy\u017cej lub do czasu wycofania przez U\u017cytkownika zgody na ich przetwarzanie. Reframe.food usunie dane osobowe u\u017cytkownika, gdy nie b\u0119d\u0105 one ju\u017c potrzebne do cel\u00f3w okre\u015blonych w celu przetwarzania, chyba \u017ce:<\/p>\n<ul>\n<li>nadrz\u0119dny interes projektu IMPRESS lub innej strony trzeciej w zachowaniu mo\u017cliwo\u015bci identyfikacji danych osobowych u\u017cytkownika;<\/li>\n<li>obowi\u0105zek prawny lub regulacyjny lub nakaz s\u0105dowy lub administracyjny, kt\u00f3ry uniemo\u017cliwia projektowi IMPRESS pozbawienie ich element\u00f3w umo\u017cliwiaj\u0105cych identyfikacj\u0119.<\/li>\n<\/ul>\n<p>5.3 Reframe.food podejmuje wszelkie odpowiednie \u015brodki techniczne i organizacyjne w celu zabezpieczenia danych osobowych U\u017cytkownika przed nieuprawnionym dost\u0119pem lub kradzie\u017c\u0105, a tak\u017ce przypadkow\u0105 utrat\u0105, manipulacj\u0105 lub zniszczeniem. Dost\u0119p personelu Reframe.food lub podmiot\u00f3w zewn\u0119trznych przetwarzaj\u0105cych dane b\u0119dzie odbywa\u0142 si\u0119 wy\u0142\u0105cznie na zasadzie wiedzy koniecznej i b\u0119dzie podlega\u0142 \u015bcis\u0142ym zobowi\u0105zaniom do zachowania poufno\u015bci.<\/p>\n<h4><strong> Jakie s\u0105 Twoje prawa?<\/strong><\/h4>\n<p>6.1 U\u017cytkownik ma prawo za\u017c\u0105da\u0107 dost\u0119pu do wszystkich dotycz\u0105cych go danych osobowych przetwarzanych przez Reframe.food. Reframe.food zastrzega sobie prawo do naliczenia op\u0142aty administracyjnej za wielokrotne kolejne wnioski o dost\u0119p, kt\u00f3re s\u0105 wyra\u017anie sk\u0142adane w celu spowodowania uci\u0105\u017cliwo\u015bci lub szkody dla projektu IMPRESS.<\/p>\n<p>6.2 U\u017cytkownik ma prawo za\u017c\u0105da\u0107 bezp\u0142atnej korekty wszelkich dotycz\u0105cych go danych osobowych, kt\u00f3re s\u0105 nieprawid\u0142owe. W przypadku z\u0142o\u017cenia wniosku o korekt\u0119, do takiego wniosku nale\u017cy do\u0142\u0105czy\u0107 dow\u00f3d wadliwego charakteru danych, kt\u00f3rych dotyczy wniosek o korekt\u0119.<\/p>\n<p>6.3 U\u017cytkownik ma prawo do wycofania wcze\u015bniej udzielonej zgody na przetwarzanie jego danych osobowych zgodnie z punktem 4.4.<\/p>\n<p>6.4 U\u017cytkownik ma prawo za\u017c\u0105da\u0107 usuni\u0119cia dotycz\u0105cych go danych osobowych, je\u015bli nie s\u0105 one ju\u017c potrzebne w \u015bwietle cel\u00f3w okre\u015blonych powy\u017cej lub je\u015bli u\u017cytkownik wycofa swoj\u0105 zgod\u0119 na ich przetwarzanie. Nale\u017cy jednak pami\u0119ta\u0107, \u017ce wniosek o usuni\u0119cie zostanie oceniony przez Reframe.food pod k\u0105tem:<\/p>\n<ul>\n<li>nadrz\u0119dnych interes\u00f3w projektu IMPRESS lub jakiejkolwiek innej strony trzeciej;<\/li>\n<li>zobowi\u0105za\u0144 prawnych lub regulacyjnych lub nakaz\u00f3w administracyjnych lub s\u0105dowych, kt\u00f3re mog\u0105 by\u0107 sprzeczne z takim usuni\u0119ciem.<br \/>Zamiast usuni\u0119cia mo\u017cesz r\u00f3wnie\u017c poprosi\u0107 Reframe.food o ograniczenie przetwarzania Twoich danych osobowych, je\u015bli (a) kwestionujesz dok\u0142adno\u015b\u0107 tych danych, (b) przetwarzanie jest niezgodne z prawem lub (c) dane nie s\u0105 ju\u017c potrzebne do cel\u00f3w opisanych powy\u017cej, ale potrzebujesz ich do obrony w post\u0119powaniu s\u0105dowym.<\/li>\n<\/ul>\n<p>6.5 U\u017cytkownik ma prawo sprzeciwi\u0107 si\u0119 przetwarzaniu danych osobowych, je\u015bli jest w stanie udowodni\u0107, \u017ce istniej\u0105 powa\u017cne i uzasadnione powody zwi\u0105zane z jego szczeg\u00f3ln\u0105 sytuacj\u0105, kt\u00f3re uzasadniaj\u0105 taki sprzeciw. Je\u015bli jednak zamierzone przetwarzanie kwalifikuje si\u0119 jako marketing bezpo\u015bredni, u\u017cytkownik ma prawo sprzeciwi\u0107 si\u0119 takiemu przetwarzaniu bezp\u0142atnie i bez uzasadnienia.<\/p>\n<p>6.6 U\u017cytkownik ma prawo otrzyma\u0107 od nas w ustrukturyzowanym, powszechnie u\u017cywanym i nadaj\u0105cym si\u0119 do odczytu maszynowego formacie wszystkie dane osobowe, kt\u00f3re nam przekaza\u0142.<\/p>\n<p>6.7 Je\u015bli u\u017cytkownik chce z\u0142o\u017cy\u0107 wniosek o skorzystanie z jednego lub wi\u0119cej praw wymienionych powy\u017cej, mo\u017ce wys\u0142a\u0107 wiadomo\u015b\u0107 e-mail na adres info@impress-he.eu w odniesieniu do wszystkich kwestii zwi\u0105zanych z prawami os\u00f3b, kt\u00f3rych dane dotycz\u0105. Wiadomo\u015b\u0107 e-mail z pro\u015bb\u0105 o skorzystanie z prawa nie b\u0119dzie interpretowana jako zgoda na przetwarzanie danych osobowych w zakresie wykraczaj\u0105cym poza to, co jest wymagane do rozpatrzenia wniosku. \u017b\u0105danie takie powinno jasno okre\u015bla\u0107 i precyzowa\u0107, z kt\u00f3rego prawa u\u017cytkownik chce skorzysta\u0107, oraz uzasadnia\u0107 je, je\u015bli jest to wymagane. Powinien by\u0107 r\u00f3wnie\u017c opatrzony dat\u0105 i podpisany oraz opatrzony cyfrowo zeskanowan\u0105 kopi\u0105 wa\u017cnego dowodu to\u017csamo\u015bci potwierdzaj\u0105cego to\u017csamo\u015b\u0107 u\u017cytkownika.<br \/>IMPRESS project niezw\u0142ocznie poinformuje u\u017cytkownika o otrzymaniu takiego \u017c\u0105dania. Je\u015bli \u017c\u0105danie oka\u017ce si\u0119 zasadne, IMPRESS project powiadomi o tym u\u017cytkownika tak szybko, jak to mo\u017cliwe, a najp\u00f3\u017aniej w ci\u0105gu trzydziestu (30) dni od otrzymania \u017c\u0105dania.<\/p>\n<p><br \/>W przypadku jakichkolwiek skarg dotycz\u0105cych przetwarzania danych osobowych przez Reframe.food, u\u017cytkownik mo\u017ce zawsze skontaktowa\u0107 si\u0119 z IMPRESS project za po\u015brednictwem adresu e-mail podanego w pierwszym akapicie niniejszej klauzuli. Je\u015bli u\u017cytkownik nie b\u0119dzie usatysfakcjonowany odpowiedzi\u0105 IMPRESS project, mo\u017ce z\u0142o\u017cy\u0107 skarg\u0119 do w\u0142a\u015bciwego organu ochrony danych, tj. organu ochrony danych w kraju zamieszkania lub greckiego organu ochrony danych (A\u03c1\u03c7\u03ae \u03a0\u03c1\u03bf\u03c3\u03c4\u03b1\u03c3\u03af\u03b1\u03c2 \u0394\u03b5\u03b4\u03bf\u03bc\u03ad\u03bd\u03c9\u03bd \u03a0\u03c1\u03bf\u03c3\u03c9\u03c0\u03b9\u03ba\u03bf\u03cd \u03a7\u03b1\u03c1\u03b1\u03ba\u03c4\u03ae\u03c1\u03b1). Wi\u0119cej informacji mo\u017cna znale\u017a\u0107 na stronie <a href=\"https:\/\/www.dpa.gr\/en\">https:\/\/www.dpa.gr\/en<\/a> .<\/p>\n<p>\u00a0<\/p>\t\t\t\t\t\t\t\t<\/div>\n\t\t\t\t<\/div>\n\t\t\t\t\t<\/div>\n\t\t<\/div>\n\t\t\t\t\t<\/div>\n\t\t<\/section>\n\t\t\t\t<\/div>","protected":false},"excerpt":{"rendered":"<p>Privacy policy This privacy policy governs the use of your personal data by IMPRESS project \u2013 this project has received funding from the European Union\u2019s Horizon Europe Programme under grant agreement No 101084437; communicate with us via e-mail, telephone, the contact form available on the website and our social media channels; e.g. LinkedIn, Twitter, Facebook, [&hellip;]<\/p>\n","protected":false},"author":1,"featured_media":0,"parent":0,"menu_order":0,"comment_status":"closed","ping_status":"open","template":"","meta":{"iawp_total_views":60,"footnotes":""},"class_list":["post-3","page","type-page","status-publish","hentry"],"_links":{"self":[{"href":"https:\/\/impress-he.eu\/pl\/wp-json\/wp\/v2\/pages\/3","targetHints":{"allow":["GET"]}}],"collection":[{"href":"https:\/\/impress-he.eu\/pl\/wp-json\/wp\/v2\/pages"}],"about":[{"href":"https:\/\/impress-he.eu\/pl\/wp-json\/wp\/v2\/types\/page"}],"author":[{"embeddable":true,"href":"https:\/\/impress-he.eu\/pl\/wp-json\/wp\/v2\/users\/1"}],"replies":[{"embeddable":true,"href":"https:\/\/impress-he.eu\/pl\/wp-json\/wp\/v2\/comments?post=3"}],"version-history":[{"count":11,"href":"https:\/\/impress-he.eu\/pl\/wp-json\/wp\/v2\/pages\/3\/revisions"}],"predecessor-version":[{"id":1880,"href":"https:\/\/impress-he.eu\/pl\/wp-json\/wp\/v2\/pages\/3\/revisions\/1880"}],"wp:attachment":[{"href":"https:\/\/impress-he.eu\/pl\/wp-json\/wp\/v2\/media?parent=3"}],"curies":[{"name":"wp","href":"https:\/\/api.w.org\/{rel}","templated":true}]}}